{"id":1380,"date":"2020-02-18T11:33:01","date_gmt":"2020-02-18T10:33:01","guid":{"rendered":"https:\/\/gunnelryner.se\/forelasningar-utbildningar\/kommunikation-konflikthantering-svara-samtal\/"},"modified":"2020-12-28T15:55:05","modified_gmt":"2020-12-28T14:55:05","slug":"communication-conflict-management-difficult-conversations","status":"publish","type":"page","link":"https:\/\/gunnelryner.se\/en\/communication-conflict-management-difficult-conversations\/","title":{"rendered":"Communication, conflict management &#038; difficult conversations"},"content":{"rendered":"\n<h1 class=\"has-text-align-center has-gul-color has-text-color wp-block-heading\">Communication, Conflict management &amp; Difficult conversations<\/h1>\n\n\n\n<hr class=\"wp-block-separator has-text-color has-background has-gul-background-color has-gul-color\"\/>\n\n\n\n<p>Are you looking for a keynote or training program on communication skills? Perhaps with a special focus on conflict management and\/or difficult conversations? Do you want to learn how to avoid misunderstandings and friction, create better collaboration, sort out conflicts and turn even the most difficult conversations into good conversations?<br><br>A participant in one of my half-day programmes on difficult conversations came up to me afterwards and said: &#8220;I&#8217;ve learned a lot more in these four hours than I did in a whole two day program I attended a while ago. And I&#8217;ve had fun!&#8221; That\u2019s exactly how I want my programmes to be perceived\u2014as inspiring and great learning experiences.<br><br>Book me as your speaker in communication, conflict management and difficult conversations if you want to learn more about why we so easily collide with other people, and how we can become better at communicating, connecting with each other and creating good and collaborative relationships.<\/p>\n\n\n\n<div style=\"height:75px\" aria-hidden=\"true\" class=\"wp-block-spacer\"><\/div>\n\n\n\n<div class=\"wp-block-group alignfull has-gul-background-color has-background\"><div class=\"wp-block-group__inner-container is-layout-flow wp-block-group-is-layout-flow\">\n<div style=\"height:25px\" aria-hidden=\"true\" class=\"wp-block-spacer\"><\/div>\n\n\n\n<h2 class=\"has-text-align-center has-svart-color has-text-color wp-block-heading\">Keynote: <br>&#8220;From mush to clarity&#8221;<\/h2>\n\n\n\n<div style=\"height:20px\" aria-hidden=\"true\" class=\"wp-block-spacer\"><\/div>\n<\/div><\/div>\n\n\n\n<div class=\"wp-block-group alignfull has-light-grey-background-color has-background\"><div class=\"wp-block-group__inner-container is-layout-flow wp-block-group-is-layout-flow\">\n<div style=\"height:35px\" aria-hidden=\"true\" class=\"wp-block-spacer\"><\/div>\n\n\n\n<div class=\"wp-block-columns is-layout-flex wp-container-core-columns-is-layout-9d6595d7 wp-block-columns-is-layout-flex\">\n<div class=\"wp-block-column is-layout-flow wp-block-column-is-layout-flow\">\n<p class=\"has-svart-color has-text-color\">In modern organisations, where people need to work in teams and create good relationships with colleagues, managers, direct reports, customers, suppliers and other stakeholders, the ability to communicate effectively is crucial.<\/p>\n\n\n\n<div style=\"height:20px\" aria-hidden=\"true\" class=\"wp-block-spacer\"><\/div>\n\n\n\n<figure class=\"wp-block-image size-large\"><img loading=\"lazy\" decoding=\"async\" width=\"1024\" height=\"683\" src=\"https:\/\/gunnelryner.se\/app\/uploads\/2020\/03\/2018-10-mteskulturdagen-413-1024x683.jpg\" alt=\"Gunnel Ryner\" class=\"wp-image-827\" srcset=\"https:\/\/gunnelryner.se\/app\/uploads\/2020\/03\/2018-10-mteskulturdagen-413-1024x683.jpg 1024w, https:\/\/gunnelryner.se\/app\/uploads\/2020\/03\/2018-10-mteskulturdagen-413-300x200.jpg 300w, https:\/\/gunnelryner.se\/app\/uploads\/2020\/03\/2018-10-mteskulturdagen-413-768x512.jpg 768w, https:\/\/gunnelryner.se\/app\/uploads\/2020\/03\/2018-10-mteskulturdagen-413-1536x1024.jpg 1536w, https:\/\/gunnelryner.se\/app\/uploads\/2020\/03\/2018-10-mteskulturdagen-413-600x400.jpg 600w, https:\/\/gunnelryner.se\/app\/uploads\/2020\/03\/2018-10-mteskulturdagen-413-150x100.jpg 150w, https:\/\/gunnelryner.se\/app\/uploads\/2020\/03\/2018-10-mteskulturdagen-413.jpg 1575w\" sizes=\"auto, (max-width: 1024px) 100vw, 1024px\" \/><\/figure>\n<\/div>\n\n\n\n<div class=\"wp-block-column is-layout-flow wp-block-column-is-layout-flow\">\n<p class=\"has-svart-color has-text-color\">Interpersonal mush is the result of people basing their interactions on subjective interpretations, fantasies and made-up stories, without checking them with each-other. This leads to misunderstandings, rumours, gossip and conflicts.  Turning this into interpersonal clarity is the foundation for building effective and satisfying working relationships and organisations, where the energy is spent on the right things, people learn by sharing their experiences, and you create great results in an open and safe environment. <\/p>\n\n\n\n<p class=\"has-svart-color has-text-color\">Learn the communication tricks that will take your organisation from misunderstandings and conflicts to good collaborative relationships and excellent results! A keynote that, despite the serious topic, offers a lot of recognition, humour and laughter. <\/p>\n<\/div>\n<\/div>\n\n\n\n<div style=\"height:75px\" aria-hidden=\"true\" class=\"wp-block-spacer\"><\/div>\n<\/div><\/div>\n\n\n\n<div class=\"wp-block-group alignfull has-gul-background-color has-background\"><div class=\"wp-block-group__inner-container is-layout-flow wp-block-group-is-layout-flow\">\n<div style=\"height:25px\" aria-hidden=\"true\" class=\"wp-block-spacer\"><\/div>\n\n\n\n<h2 class=\"has-text-align-center has-svart-color has-text-color wp-block-heading\">Training programme:<br>&#8220;Communication, conflict management &amp; difficult conversations&#8221;<\/h2>\n\n\n\n<div style=\"height:20px\" aria-hidden=\"true\" class=\"wp-block-spacer\"><\/div>\n<\/div><\/div>\n\n\n\n<div class=\"wp-block-group alignfull has-light-grey-background-color has-background\"><div class=\"wp-block-group__inner-container is-layout-flow wp-block-group-is-layout-flow\">\n<div style=\"height:35px\" aria-hidden=\"true\" class=\"wp-block-spacer\"><\/div>\n\n\n\n<div class=\"wp-block-columns is-layout-flex wp-container-core-columns-is-layout-9d6595d7 wp-block-columns-is-layout-flex\">\n<div class=\"wp-block-column is-layout-flow wp-block-column-is-layout-flow\">\n<p class=\"has-text-align-left has-svart-color has-text-color\">A half-day or full day programme where you as a leader get inspiration, knowledge, step-by-step methods and practical training in effective communication, conflict management, feedback and leading constructive conversations, even in difficult situations.<\/p>\n\n\n\n<div style=\"height:20px\" aria-hidden=\"true\" class=\"wp-block-spacer\"><\/div>\n\n\n\n<figure class=\"wp-block-image size-large\"><img loading=\"lazy\" decoding=\"async\" width=\"1024\" height=\"683\" src=\"https:\/\/gunnelryner.se\/app\/uploads\/2020\/02\/26795661-rur64-1024x683.jpg\" alt=\"F\u00f6rel\u00e4sare Gunnel Ryner\" class=\"wp-image-529\" srcset=\"https:\/\/gunnelryner.se\/app\/uploads\/2020\/02\/26795661-rur64-1024x683.jpg 1024w, https:\/\/gunnelryner.se\/app\/uploads\/2020\/02\/26795661-rur64-300x200.jpg 300w, https:\/\/gunnelryner.se\/app\/uploads\/2020\/02\/26795661-rur64-768x512.jpg 768w, https:\/\/gunnelryner.se\/app\/uploads\/2020\/02\/26795661-rur64-1536x1024.jpg 1536w, https:\/\/gunnelryner.se\/app\/uploads\/2020\/02\/26795661-rur64-600x400.jpg 600w, https:\/\/gunnelryner.se\/app\/uploads\/2020\/02\/26795661-rur64-150x100.jpg 150w, https:\/\/gunnelryner.se\/app\/uploads\/2020\/02\/26795661-rur64.jpg 1575w\" sizes=\"auto, (max-width: 1024px) 100vw, 1024px\" \/><\/figure>\n<\/div>\n\n\n\n<div class=\"wp-block-column is-layout-flow wp-block-column-is-layout-flow\">\n<p class=\"has-svart-color has-text-color\">A full day programme can look like this: <\/p>\n\n\n\n<p class=\"has-svart-color has-text-color\"><strong>1. Lecture on communication, conflict management &amp; difficult conversations<\/strong><\/p>\n\n\n\n<ul class=\"wp-block-list\"><li>Two human processes that affect relationships and teamwork \u2013 reasons why things so easily go wrong in our communication<\/li><li>How do you lead a good conversation? Basic approaches and useful tips<\/li><li>Building trust and good relationships<\/li><li>How to communicate so that others want to listen, without feeling threatened or becoming defensive<\/li><li>Positive and negative feedback<\/li><li>How to bring up sensitive topics, deliver tough messages or criticism<\/li><li>Step-by-step conversation models for difficult conversations and conflict management<\/li><\/ul>\n\n\n\n<p class=\"has-svart-color has-text-color\"><strong>2. Workshop<\/strong>&nbsp;based on the method Appreciative Inquiry, where the participants identify and explore their own good examples of successful conversations. Which success factors contribute to good conversations? How can we build on these success factors to have even better conversations? <br>&nbsp;<br><strong>3. Case\/practical  excercises<\/strong>&nbsp;\u2013 role-play, practise and time to reflect around specific situations that can arise in everyday life. <\/p>\n<\/div>\n<\/div>\n\n\n\n<div style=\"height:50px\" aria-hidden=\"true\" class=\"wp-block-spacer\"><\/div>\n<\/div><\/div>\n\n\n\n<div class=\"wp-block-group alignfull has-gul-background-color has-background\"><div class=\"wp-block-group__inner-container is-layout-flow wp-block-group-is-layout-flow\">\n<div style=\"height:25px\" aria-hidden=\"true\" class=\"wp-block-spacer\"><\/div>\n\n\n\n<h2 class=\"has-text-align-center has-svart-color has-text-color wp-block-heading\">Happy customers<\/h2>\n\n\n\n<div style=\"height:20px\" aria-hidden=\"true\" class=\"wp-block-spacer\"><\/div>\n<\/div><\/div>\n\n\n\n<div class=\"wp-block-group alignfull has-vit-background-color has-background\"><div class=\"wp-block-group__inner-container is-layout-flow wp-block-group-is-layout-flow\">\n<div style=\"height:45px\" aria-hidden=\"true\" class=\"wp-block-spacer\"><\/div>\n\n\n\n<div id=\"citat-block-block_5e4ea57519291\" class=\"citat-block\">\n        <div class=\"citat-slider\">\n                <div class=\"slick-slide\">\n            <div class=\"citat-content\">\n                <p>&#8221; Thank you so much for the fantastic contribution you made at the CIDESCO International\u00b4s Schools &amp; Examiners meeting. I was most impressed by the way you referred to scientific research, motivated the audience and mixed it all with a great sense of humor.\u00a0I knew you would do an outstanding job and you lived up to and exceeded our expectations! &#8220;<\/p>\n                <h4>Anna-Cari Gund<\/h4>\n                <p class=\"citat-jobb-title\">President, Cidesco<\/p>\n            <\/div>\n        <\/div>\n                <div class=\"slick-slide\">\n            <div class=\"citat-content\">\n                <p>&#8221; I want to send a HUGE THANK YOU for your fantastic keynote for us at The Body Shop! YOU were very appreciated and we have started a true positive revolution in my entire district! We have come into a marvellous FLOW which can be noted both among the employees but also in our numbers! Many thanks!!!&#8221;<\/p>\n                <h4>Carina Rosenblad<\/h4>\n                <p class=\"citat-jobb-title\">District Sales Manager, The Body Shop<\/p>\n            <\/div>\n        <\/div>\n                <div class=\"slick-slide\">\n            <div class=\"citat-content\">\n                <p>&#8221; Thank you for a truly amazing keynote! We have already started to implement your ideas in the organization. For instance, we had our best staff meeting in a long time this morning, when everyone started by sharing the positive things that happened last week. Your speech couldn&#8217;t have had better timing &#8211; many thanks!&#8221;<\/p>\n                <h4>Ted Wallin<\/h4>\n                <p class=\"citat-jobb-title\">Business Director, Gambit<\/p>\n            <\/div>\n        <\/div>\n                <div class=\"slick-slide\">\n            <div class=\"citat-content\">\n                <p>&#8221; Gunnel&#8217;s inspirational keynote is one of the best I have heard. Gunnel is down-to-earth, tasteful and personal and with lots of humour she delivers spot-on truths that landed very well in our organisation. In addition to giving inspiration and joyful laughter she also gave us some simple tools to apply in our everyday work life. We have started our positive revolution! &#8220;<\/p>\n                <h4>Katarina T\u00f6rnros<\/h4>\n                <p class=\"citat-jobb-title\">Regional Manager, LRF Konsult<\/p>\n            <\/div>\n        <\/div>\n                <div class=\"slick-slide\">\n            <div class=\"citat-content\">\n                <p>&#8221; Gunnel Ryner is one of the best speakers we have hired for Kvalitetsmagasinet Live. By mixing theory and vivid examples, delivered with a great sense of humour, she helps everyone see how a positive approach can take your organization to a whole new level.&#8221;<\/p>\n                <h4>Anna Nystr\u00f6m<\/h4>\n                <p class=\"citat-jobb-title\">Chief Editor, Kvalitetsmagasinet<\/p>\n            <\/div>\n        <\/div>\n                <div class=\"slick-slide\">\n            <div class=\"citat-content\">\n                <p>&#8221; A huge THANK YOU for your incredibly energizing and positive keynote! It completely blew me away! So professional, so sweet, such an amazing talk! Your wonderful charisma and your positive message really gave me a huge energy boost. THANK YOU!!!. &#8220;<\/p>\n                <h4>Sanna Th\u00f6rnholm<\/h4>\n                <p class=\"citat-jobb-title\">Owner, Soliv H\u00e4lsof\u00f6retaget<\/p>\n            <\/div>\n        <\/div>\n                <div class=\"slick-slide\">\n            <div class=\"citat-content\">\n                <p>&#8221; Thank you for an amazing keynote and workshop, you lifted the entire team and helped us shift our focus, from getting stuck in the negative to start thinking about what works well. Already on the following Monday, some members of our staff started to share positive experiences.&#8221;<\/p>\n                <h4>Valentina Trpezanovska<\/h4>\n                <p class=\"citat-jobb-title\">Manager Omr\u00e5de Varberg, N\u00e4rsjukv\u00e5rden Halland<\/p>\n            <\/div>\n        <\/div>\n                <div class=\"slick-slide\">\n            <div class=\"citat-content\">\n                <p>&#8221; Many thanks for a great speech that gave lots of wisdom and insights to the audience! Serious parts mixed with humour, delivered in such a masterful, light-hearted way. Focusing on the positive has definitely stuck with our entire team. A+ from us all!&#8221;<\/p>\n                <h4>Sofia Sestorp<\/h4>\n                <p class=\"citat-jobb-title\">Business Manager, Kinda Ydre Sparbank<\/p>\n            <\/div>\n        <\/div>\n                <div class=\"slick-slide\">\n            <div class=\"citat-content\">\n                <p>&#8221; A nuclear power plant should of course put effort into preventing and fixing deviations, but our processes can become even better if we also include our successes in our development work. Thank you for that insight, Gunnel &#8211; you were a true source of inspiration!  &#8220;<\/p>\n                <h4>Cecilia Lindmark<\/h4>\n                <p class=\"citat-jobb-title\">Safety Engineer, Forsmark Kraftgrupp AB<\/p>\n            <\/div>\n        <\/div>\n                <div class=\"slick-slide\">\n            <div class=\"citat-content\">\n                <p>&#8221; The inspirational speech about Appreciative Leadership for our group of administrative managers was followed by a strengths-based workshop, where we explored our own good examples. A fantastic day with lots of new knowledge and the opportunity to practise and reflect. A HUGE THANK YOU, Gunnel for a CONTENT-RICH TALK and a VERY INSPIRING WORKSHOP!!!!! &#8220;<\/p>\n                <h4>Anne-Li Silberk<\/h4>\n                <p class=\"citat-jobb-title\">Administrative Manager, Link\u00f6ping University<\/p>\n            <\/div>\n        <\/div>\n            <\/div>\n    <\/div>\n\n\n<div style=\"height:25px\" aria-hidden=\"true\" class=\"wp-block-spacer\"><\/div>\n\n\n\n<div class=\"wp-block-buttons aligncenter is-layout-flex wp-block-buttons-is-layout-flex\">\n<div class=\"wp-block-button\"><a class=\"wp-block-button__link has-neon-gron-background-color has-background\" href=\"https:\/\/gunnelryner.se\/en\/references\/\">Read more about what my customers say<\/a><\/div>\n<\/div>\n\n\n\n<div style=\"height:20px\" aria-hidden=\"true\" class=\"wp-block-spacer\"><\/div>\n<\/div><\/div>\n\n\n\n<div class=\"wp-block-group alignfull has-light-grey-background-color has-background\"><div class=\"wp-block-group__inner-container is-layout-flow wp-block-group-is-layout-flow\">\n<div style=\"height:50px\" aria-hidden=\"true\" class=\"wp-block-spacer\"><\/div>\n\n\n\n<div class=\"wp-block-button aligncenter\"><a class=\"wp-block-button__link has-neon-gron-background-color has-background\" href=\"https:\/\/gunnelryner.se\/en\/contact\/\">Want to know more? Contact Gunnel<\/a><\/div>\n\n\n\n<div style=\"height:50px\" aria-hidden=\"true\" class=\"wp-block-spacer\"><\/div>\n<\/div><\/div>\n","protected":false},"excerpt":{"rendered":"<p>Communication, Conflict management &amp; Difficult conversations Are you looking for a keynote or training program on communication skills? Perhaps with a special focus on conflict management and\/or difficult conversations? Do you want to learn how to avoid misunderstandings and friction, create better collaboration, sort out conflicts and turn even the most difficult conversations into good [&hellip;]<\/p>\n","protected":false},"author":1,"featured_media":1220,"parent":0,"menu_order":0,"comment_status":"closed","ping_status":"closed","template":"","meta":{"_acf_changed":false,"footnotes":""},"class_list":["post-1380","page","type-page","status-publish","has-post-thumbnail","hentry"],"acf":[],"yoast_head":"<!-- This site is optimized with the Yoast SEO plugin v27.4 - https:\/\/yoast.com\/product\/yoast-seo-wordpress\/ -->\n<title>Communication, conflicts, difficult conversations | Gunnel Ryner<\/title>\n<meta name=\"description\" content=\"Book Gunnel Ryner as your speaker on communication, conflict management &amp; difficult conversations. Keynotes &amp; training programmes. Book here!\" \/>\n<meta name=\"robots\" content=\"index, follow, max-snippet:-1, max-image-preview:large, max-video-preview:-1\" \/>\n<link rel=\"canonical\" href=\"https:\/\/gunnelryner.se\/en\/communication-conflict-management-difficult-conversations\/\" \/>\n<meta property=\"og:locale\" content=\"en_US\" \/>\n<meta property=\"og:type\" content=\"article\" \/>\n<meta property=\"og:title\" content=\"Communication, conflicts, difficult conversations | Gunnel Ryner\" \/>\n<meta property=\"og:description\" content=\"Book Gunnel Ryner as your speaker on communication, conflict management &amp; difficult conversations. Keynotes &amp; training programmes. Book here!\" \/>\n<meta property=\"og:url\" content=\"https:\/\/gunnelryner.se\/en\/communication-conflict-management-difficult-conversations\/\" \/>\n<meta property=\"og:site_name\" content=\"Gunnel Ryner\" \/>\n<meta property=\"article:modified_time\" content=\"2020-12-28T14:55:05+00:00\" \/>\n<meta property=\"og:image\" content=\"https:\/\/gunnelryner.se\/app\/uploads\/2020\/04\/mteskulturdagen2-1024x576.png\" \/>\n\t<meta property=\"og:image:width\" content=\"1024\" \/>\n\t<meta property=\"og:image:height\" content=\"576\" \/>\n\t<meta property=\"og:image:type\" content=\"image\/png\" \/>\n<meta name=\"twitter:card\" content=\"summary_large_image\" \/>\n<meta name=\"twitter:label1\" content=\"Est. reading time\" \/>\n\t<meta name=\"twitter:data1\" content=\"3 minutes\" \/>\n<script type=\"application\/ld+json\" class=\"yoast-schema-graph\">{\"@context\":\"https:\\\/\\\/schema.org\",\"@graph\":[{\"@type\":\"WebPage\",\"@id\":\"https:\\\/\\\/gunnelryner.se\\\/en\\\/communication-conflict-management-difficult-conversations\\\/\",\"url\":\"https:\\\/\\\/gunnelryner.se\\\/en\\\/communication-conflict-management-difficult-conversations\\\/\",\"name\":\"Communication, conflicts, difficult conversations | Gunnel Ryner\",\"isPartOf\":{\"@id\":\"https:\\\/\\\/gunnelryner.se\\\/#website\"},\"primaryImageOfPage\":{\"@id\":\"https:\\\/\\\/gunnelryner.se\\\/en\\\/communication-conflict-management-difficult-conversations\\\/#primaryimage\"},\"image\":{\"@id\":\"https:\\\/\\\/gunnelryner.se\\\/en\\\/communication-conflict-management-difficult-conversations\\\/#primaryimage\"},\"thumbnailUrl\":\"https:\\\/\\\/gunnelryner.se\\\/app\\\/uploads\\\/2020\\\/04\\\/mteskulturdagen2.png\",\"datePublished\":\"2020-02-18T10:33:01+00:00\",\"dateModified\":\"2020-12-28T14:55:05+00:00\",\"description\":\"Book Gunnel Ryner as your speaker on communication, conflict management & difficult conversations. Keynotes & training programmes. Book here!\",\"breadcrumb\":{\"@id\":\"https:\\\/\\\/gunnelryner.se\\\/en\\\/communication-conflict-management-difficult-conversations\\\/#breadcrumb\"},\"inLanguage\":\"en-US\",\"potentialAction\":[{\"@type\":\"ReadAction\",\"target\":[\"https:\\\/\\\/gunnelryner.se\\\/en\\\/communication-conflict-management-difficult-conversations\\\/\"]}]},{\"@type\":\"ImageObject\",\"inLanguage\":\"en-US\",\"@id\":\"https:\\\/\\\/gunnelryner.se\\\/en\\\/communication-conflict-management-difficult-conversations\\\/#primaryimage\",\"url\":\"https:\\\/\\\/gunnelryner.se\\\/app\\\/uploads\\\/2020\\\/04\\\/mteskulturdagen2.png\",\"contentUrl\":\"https:\\\/\\\/gunnelryner.se\\\/app\\\/uploads\\\/2020\\\/04\\\/mteskulturdagen2.png\",\"width\":1920,\"height\":1080,\"caption\":\"Gunnel Ryner\"},{\"@type\":\"BreadcrumbList\",\"@id\":\"https:\\\/\\\/gunnelryner.se\\\/en\\\/communication-conflict-management-difficult-conversations\\\/#breadcrumb\",\"itemListElement\":[{\"@type\":\"ListItem\",\"position\":1,\"name\":\"Hem\",\"item\":\"https:\\\/\\\/gunnelryner.se\\\/en\\\/\"},{\"@type\":\"ListItem\",\"position\":2,\"name\":\"Communication, conflict management &#038; difficult conversations\"}]},{\"@type\":\"WebSite\",\"@id\":\"https:\\\/\\\/gunnelryner.se\\\/#website\",\"url\":\"https:\\\/\\\/gunnelryner.se\\\/\",\"name\":\"Gunnel Ryner\",\"description\":\"Boka f\u00f6rel\u00e4sare Gunnel Ryner | Fokus p\u00e5 l\u00f6sningar &amp; styrkor\",\"potentialAction\":[{\"@type\":\"SearchAction\",\"target\":{\"@type\":\"EntryPoint\",\"urlTemplate\":\"https:\\\/\\\/gunnelryner.se\\\/?s={search_term_string}\"},\"query-input\":{\"@type\":\"PropertyValueSpecification\",\"valueRequired\":true,\"valueName\":\"search_term_string\"}}],\"inLanguage\":\"en-US\"}]}<\/script>\n<!-- \/ Yoast SEO plugin. -->","yoast_head_json":{"title":"Communication, conflicts, difficult conversations | Gunnel Ryner","description":"Book Gunnel Ryner as your speaker on communication, conflict management & difficult conversations. Keynotes & training programmes. Book here!","robots":{"index":"index","follow":"follow","max-snippet":"max-snippet:-1","max-image-preview":"max-image-preview:large","max-video-preview":"max-video-preview:-1"},"canonical":"https:\/\/gunnelryner.se\/en\/communication-conflict-management-difficult-conversations\/","og_locale":"en_US","og_type":"article","og_title":"Communication, conflicts, difficult conversations | Gunnel Ryner","og_description":"Book Gunnel Ryner as your speaker on communication, conflict management & difficult conversations. Keynotes & training programmes. Book here!","og_url":"https:\/\/gunnelryner.se\/en\/communication-conflict-management-difficult-conversations\/","og_site_name":"Gunnel Ryner","article_modified_time":"2020-12-28T14:55:05+00:00","og_image":[{"width":1024,"height":576,"url":"https:\/\/gunnelryner.se\/app\/uploads\/2020\/04\/mteskulturdagen2-1024x576.png","type":"image\/png"}],"twitter_card":"summary_large_image","twitter_misc":{"Est. reading time":"3 minutes"},"schema":{"@context":"https:\/\/schema.org","@graph":[{"@type":"WebPage","@id":"https:\/\/gunnelryner.se\/en\/communication-conflict-management-difficult-conversations\/","url":"https:\/\/gunnelryner.se\/en\/communication-conflict-management-difficult-conversations\/","name":"Communication, conflicts, difficult conversations | Gunnel Ryner","isPartOf":{"@id":"https:\/\/gunnelryner.se\/#website"},"primaryImageOfPage":{"@id":"https:\/\/gunnelryner.se\/en\/communication-conflict-management-difficult-conversations\/#primaryimage"},"image":{"@id":"https:\/\/gunnelryner.se\/en\/communication-conflict-management-difficult-conversations\/#primaryimage"},"thumbnailUrl":"https:\/\/gunnelryner.se\/app\/uploads\/2020\/04\/mteskulturdagen2.png","datePublished":"2020-02-18T10:33:01+00:00","dateModified":"2020-12-28T14:55:05+00:00","description":"Book Gunnel Ryner as your speaker on communication, conflict management & difficult conversations. Keynotes & training programmes. Book here!","breadcrumb":{"@id":"https:\/\/gunnelryner.se\/en\/communication-conflict-management-difficult-conversations\/#breadcrumb"},"inLanguage":"en-US","potentialAction":[{"@type":"ReadAction","target":["https:\/\/gunnelryner.se\/en\/communication-conflict-management-difficult-conversations\/"]}]},{"@type":"ImageObject","inLanguage":"en-US","@id":"https:\/\/gunnelryner.se\/en\/communication-conflict-management-difficult-conversations\/#primaryimage","url":"https:\/\/gunnelryner.se\/app\/uploads\/2020\/04\/mteskulturdagen2.png","contentUrl":"https:\/\/gunnelryner.se\/app\/uploads\/2020\/04\/mteskulturdagen2.png","width":1920,"height":1080,"caption":"Gunnel Ryner"},{"@type":"BreadcrumbList","@id":"https:\/\/gunnelryner.se\/en\/communication-conflict-management-difficult-conversations\/#breadcrumb","itemListElement":[{"@type":"ListItem","position":1,"name":"Hem","item":"https:\/\/gunnelryner.se\/en\/"},{"@type":"ListItem","position":2,"name":"Communication, conflict management &#038; difficult conversations"}]},{"@type":"WebSite","@id":"https:\/\/gunnelryner.se\/#website","url":"https:\/\/gunnelryner.se\/","name":"Gunnel Ryner","description":"Boka f\u00f6rel\u00e4sare Gunnel Ryner | Fokus p\u00e5 l\u00f6sningar &amp; styrkor","potentialAction":[{"@type":"SearchAction","target":{"@type":"EntryPoint","urlTemplate":"https:\/\/gunnelryner.se\/?s={search_term_string}"},"query-input":{"@type":"PropertyValueSpecification","valueRequired":true,"valueName":"search_term_string"}}],"inLanguage":"en-US"}]}},"_links":{"self":[{"href":"https:\/\/gunnelryner.se\/en\/wp-json\/wp\/v2\/pages\/1380","targetHints":{"allow":["GET"]}}],"collection":[{"href":"https:\/\/gunnelryner.se\/en\/wp-json\/wp\/v2\/pages"}],"about":[{"href":"https:\/\/gunnelryner.se\/en\/wp-json\/wp\/v2\/types\/page"}],"author":[{"embeddable":true,"href":"https:\/\/gunnelryner.se\/en\/wp-json\/wp\/v2\/users\/1"}],"replies":[{"embeddable":true,"href":"https:\/\/gunnelryner.se\/en\/wp-json\/wp\/v2\/comments?post=1380"}],"version-history":[{"count":5,"href":"https:\/\/gunnelryner.se\/en\/wp-json\/wp\/v2\/pages\/1380\/revisions"}],"predecessor-version":[{"id":2026,"href":"https:\/\/gunnelryner.se\/en\/wp-json\/wp\/v2\/pages\/1380\/revisions\/2026"}],"wp:featuredmedia":[{"embeddable":true,"href":"https:\/\/gunnelryner.se\/en\/wp-json\/wp\/v2\/media\/1220"}],"wp:attachment":[{"href":"https:\/\/gunnelryner.se\/en\/wp-json\/wp\/v2\/media?parent=1380"}],"curies":[{"name":"wp","href":"https:\/\/api.w.org\/{rel}","templated":true}]}}